{"id":1182,"date":"2026-01-15T00:19:48","date_gmt":"2026-01-14T23:19:48","guid":{"rendered":"https:\/\/iyn9gqmzpf-staging.onrocket.site\/?page_id=1182"},"modified":"2026-03-12T15:44:59","modified_gmt":"2026-03-12T14:44:59","slug":"bli-volontar","status":"publish","type":"page","link":"https:\/\/urkult.se\/en\/bli-volontar\/","title":{"rendered":"Bli volont\u00e4r"},"content":{"rendered":"<div class=\"kb-row-layout-wrap kb-row-layout-id1182_46fc44-39 alignfull hero-section full-screen-height wp-block-kadence-rowlayout\"><div class=\"kb-blocks-bg-video-container\"><video class=\"kb-blocks-bg-video\" id=\"bg-row-video-1182_46fc44-39\" playsinline muted loop src=\"https:\/\/urkult.se\/wp-content\/uploads\/2026\/01\/Volontarsida-video-16-9.mp4\" autoplay><\/video><div class=\"kb-background-video-buttons-wrapper kb-background-video-buttons-html5\"><button class=\"kb-background-video-play kb-toggle-video-btn\" aria-label=\"Play\" aria-hidden=\"true\" style=\"display: none;\"><svg viewbox=\"0 0 448 512\" height=\"16\" width=\"16\" fill=\"currentColor\" xmlns=\"https:\/\/www.w3.org\/2000\/svg\"><path d=\"M424.4 214.7L72.4 6.6C43.8-10.3 0 6.1 0 47.9V464c0 37.5 40.7 60.1 72.4 41.3l352-208c31.4-18.5 31.5-64.1 0-82.6z\"><\/path><\/svg><\/button><button class=\"kb-background-video-pause kb-toggle-video-btn\" aria-label=\"Pause\" aria-hidden=\"false\"><svg viewbox=\"0 0 448 512\" height=\"16\" width=\"16\" fill=\"currentColor\" xmlns=\"https:\/\/www.w3.org\/2000\/svg\"><path d=\"M144 479H48c-26.5 0-48-21.5-48-48V79c0-26.5 21.5-48 48-48h96c26.5 0 48 21.5 48 48v352c0 26.5-21.5 48-48 48zm304-48V79c0-26.5-21.5-48-48-48h-96c-26.5 0-48 21.5-48 48v352c0 26.5 21.5 48 48 48h96c26.5 0 48-21.5 48-48z\"><\/path><\/svg><\/button><\/div><\/div><div class=\"kt-row-column-wrap kt-has-2-columns kt-row-layout-row kt-tab-layout-inherit kt-mobile-layout-row kt-row-valign-middle\">\n\n<div class=\"wp-block-kadence-column kadence-column1182_acea6e-52\"><div class=\"kt-inside-inner-col\">\n<div class=\"wp-block-kadence-image kb-image1182_c0e0fd-ba logo-fade-out\" data-aos=\"fade\" data-aos-duration=\"1000\" data-aos-easing=\"ease-in-out-cubic\"><figure class=\"aligncenter size-full\"><img loading=\"lazy\" decoding=\"async\" width=\"512\" height=\"361\" src=\"\/wp-content\/uploads\/2026\/01\/urkult-logo-30-ar.png\" alt=\"\" class=\"kb-img wp-image-783\" srcset=\"https:\/\/urkult.se\/wp-content\/uploads\/2026\/01\/urkult-logo-30-ar.png 512w, https:\/\/urkult.se\/wp-content\/uploads\/2026\/01\/urkult-logo-30-ar-300x212.png 300w, https:\/\/urkult.se\/wp-content\/uploads\/2026\/01\/urkult-logo-30-ar-18x12.png 18w\" sizes=\"auto, (max-width: 512px) 100vw, 512px\" \/><\/figure><\/div>\n<\/div><\/div>\n\n\n\n<div class=\"wp-block-kadence-column kadence-column1182_f2c39b-3a\"><div class=\"kt-inside-inner-col\"><h2 class=\"has-text-align-center wp-block-post-title\">Bli volont\u00e4r<\/h2><\/div><\/div>\n\n<\/div><\/div>\n\n\n<div class=\"wp-block-columns alignwide is-layout-flex wp-container-core-columns-is-layout-28f84493 wp-block-columns-is-layout-flex\">\n<div class=\"wp-block-column is-layout-flow wp-block-column-is-layout-flow\">\n<h2 class=\"wp-block-heading\">Bli volont\u00e4r p\u00e5 urkult<\/h2>\n\n\n\n<p class=\"is-style-ingress is-style-ingress--1\">Det \u00e4r tack vare alla eldsj\u00e4lar som festivalen finns och forts\u00e4tter att finnas. <strong>Varje \u00e5r jobbar \u00f6ver 600 volont\u00e4rer f\u00f6r att Urkult ska bli verklighet<\/strong>! Att vara volont\u00e4r p\u00e5 Urkult \u00e4r ofta intensivt, sp\u00e4nnande och roligt, du tr\u00e4ffar m\u00e5nga m\u00e4nniskor och kanske rentav uppt\u00e4cker dolda talanger hos dig sj\u00e4lv!<\/p>\n\n\n\n<p class=\"is-style-default\">Som volont\u00e4r jobbar du minst 12 timmar under festivalen. Oftast uppdelat p\u00e5 2 till 3 arbetspass. Om du vill volont\u00e4ra p\u00e5 Urkult hittar du anm\u00e4lningsformul\u00e4ret l\u00e4ngst ned p\u00e5 den h\u00e4r sidan.<\/p>\n\n\n\n<p class=\"is-style-default\">I formul\u00e4ret anger du vad du helst vill jobba med och ber\u00e4ttar lite om dig sj\u00e4lv och dina erfarenheter. I mitten av juni b\u00f6rjar volont\u00e4rsamordnaren att placera ut de volont\u00e4rer som anm\u00e4lt sig i olika arbetsgrupper; tex S\u00e4kerhetsgruppen, Entr\u00e9n och Milj\u00f6gruppen.<\/p>\n\n\n\n<figure class=\"wp-block-image size-large\"><img loading=\"lazy\" decoding=\"async\" width=\"1024\" height=\"683\" src=\"https:\/\/urkult.se\/wp-content\/uploads\/2026\/01\/Volontar-entre-foto-Emelie-Rehn-1024x683.jpg\" alt=\"Volont\u00e4rer p\u00e5 Urkult i entr\u00e9n till festplatsen\" class=\"wp-image-1183\" srcset=\"https:\/\/urkult.se\/wp-content\/uploads\/2026\/01\/Volontar-entre-foto-Emelie-Rehn-1024x683.jpg 1024w, https:\/\/urkult.se\/wp-content\/uploads\/2026\/01\/Volontar-entre-foto-Emelie-Rehn-300x200.jpg 300w, https:\/\/urkult.se\/wp-content\/uploads\/2026\/01\/Volontar-entre-foto-Emelie-Rehn-768x512.jpg 768w, https:\/\/urkult.se\/wp-content\/uploads\/2026\/01\/Volontar-entre-foto-Emelie-Rehn-18x12.jpg 18w, https:\/\/urkult.se\/wp-content\/uploads\/2026\/01\/Volontar-entre-foto-Emelie-Rehn.jpg 1380w\" sizes=\"auto, (max-width: 1024px) 100vw, 1024px\" \/><figcaption class=\"wp-element-caption\">Volonta\u0308rer i entr\u00e9n till festplatsen<\/figcaption><\/figure>\n\n\n\n<p class=\"is-style-default\">Du f\u00e5r via mejl besked om vilken grupp du har blivit placerad i, och du f\u00e5r kontakt till den som \u00e4r ansvarsperson f\u00f6r din grupp. Till denna person bekr\u00e4ftar du s\u00e5 fort du kan att du vill beh\u00e5lla din plats.<br>Ansvarspersonen f\u00f6rser dig senare med schema och den information du beh\u00f6ver inf\u00f6r festivalen.<\/p>\n\n\n\n<p class=\"is-style-citat has-red-color has-text-color has-link-color wp-elements-8bba41b51fed3ba4da90becb9e705f6a\">Vi kr\u00e4ver att du \u00e4r helt nykter under dina arbetspass.<\/p>\n<\/div>\n\n\n\n<div class=\"wp-block-column is-layout-flow wp-block-column-is-layout-flow\">\n<figure class=\"wp-block-image size-large\"><img loading=\"lazy\" decoding=\"async\" width=\"1024\" height=\"683\" src=\"https:\/\/urkult.se\/wp-content\/uploads\/2026\/01\/Urkult-Personalfiket-foto-Emelie-Rehn-1024x683.jpg\" alt=\"Personalfiket p\u00e5 festivalen Urkult\" class=\"wp-image-1186\" srcset=\"https:\/\/urkult.se\/wp-content\/uploads\/2026\/01\/Urkult-Personalfiket-foto-Emelie-Rehn-1024x683.jpg 1024w, https:\/\/urkult.se\/wp-content\/uploads\/2026\/01\/Urkult-Personalfiket-foto-Emelie-Rehn-300x200.jpg 300w, https:\/\/urkult.se\/wp-content\/uploads\/2026\/01\/Urkult-Personalfiket-foto-Emelie-Rehn-768x512.jpg 768w, https:\/\/urkult.se\/wp-content\/uploads\/2026\/01\/Urkult-Personalfiket-foto-Emelie-Rehn-18x12.jpg 18w, https:\/\/urkult.se\/wp-content\/uploads\/2026\/01\/Urkult-Personalfiket-foto-Emelie-Rehn.jpg 1380w\" sizes=\"auto, (max-width: 1024px) 100vw, 1024px\" \/><figcaption class=\"wp-element-caption\">Volont\u00e4rer i personalfiket. Foto Emelie Rehn.<\/figcaption><\/figure>\n\n\n\n<h3 class=\"wp-block-heading\">Bra att veta innan du ans\u00f6ker<\/h3>\n\n\n\n<p>Planera din resa. N\u00e4s\u00e5ker \u00e4r en liten by i ett glesbebyggt omr\u00e5de, se till att s\u00e5 tidigt som m\u00f6jligt ha koll p\u00e5 hur du tar dig till och fr\u00e5n festivalen \u2013 f\u00f6r att undvika att s\u00e4tta dig i en situation att du m\u00e5ste g\u00f6ra avhopp i sista minuten. Se sidan&nbsp;<a href=\"https:\/\/urkult.se\/en\/hitta-hit\/\">Hitta till N\u00e4s\u00e5ker<\/a>&nbsp;f\u00f6r mer information om resealternativen.<\/p>\n\n\n\n<p>De flesta arbetsgrupper har ett introduktionsm\u00f6te med alla sina volont\u00e4rer p\u00e5 festivalens f\u00f6rsta dag, innan festplatsen \u00f6ppnar, m\u00f6testiden brukar vara tidigast kl 12 eller senast kl 16 och m\u00f6tet varar ca 1\u20131,5 tim. Om du inte kan vara p\u00e5 plats i N\u00e4s\u00e5ker s\u00e5 tidigt beh\u00f6ver du ange det i formul\u00e4ret s\u00e5 att volont\u00e4rsamordnaren kan ta det i beaktning n\u00e4r den placerar dig.<\/p>\n\n\n\n<p>Vi har begr\u00e4nsad m\u00f6jlighet att ta emot minder\u00e5riga volont\u00e4rer men f\u00f6rs\u00f6ker s\u00e5 l\u00e5ngt vi kan att erbjuda volont\u00e4rplats till alla. Du beh\u00f6ver vara minst 13 \u00e5r f\u00f6r att ans\u00f6ka. Ungdomar 13\u201315 \u00e5r beh\u00f6ver ha m\u00e5lsmans godk\u00e4nnande.<\/p>\n\n\n\n<h3 class=\"kt-adv-heading1182_1ba6cd-aa is-style-default wp-block-kadence-advancedheading\" data-kb-block=\"kb-adv-heading1182_1ba6cd-aa\">F\u00f6r 12 timmar volont\u00e4rarbete f\u00e5r du<\/h3>\n\n\n\n<p class=\"is-style-specialtext\">\u2022 Intr\u00e4de till festivalen<br>\u2022 Fika i personalfiket<br>\u2022 T\u00e4ltplats p\u00e5&nbsp;volont\u00e4rcampingen<\/p>\n\n\n\n<div class=\"wp-block-buttons is-content-justification-center is-layout-flex wp-container-core-buttons-is-layout-a89b3969 wp-block-buttons-is-layout-flex\">\n<div class=\"wp-block-button\"><a class=\"wp-block-button__link has-text-align-center wp-element-button\">Ans\u00f6kan \u00f6ppnar 27\/5<\/a><\/div>\n<\/div>\n<\/div>\n<\/div>\n\n\n\n<div class=\"wp-block-cover\" style=\"margin-bottom:var(--wp--preset--spacing--38);min-height:663px;aspect-ratio:unset;\"><img loading=\"lazy\" decoding=\"async\" width=\"1024\" height=\"683\" class=\"wp-block-cover__image-background wp-image-1238 size-large\" alt=\"P\u00e5 v\u00e4g till Volont\u00e4rcampingen p\u00e5 festivalen Urkult.\" src=\"https:\/\/urkult.se\/wp-content\/uploads\/2026\/01\/Pa-vag-till-Volontarcampingen-foto-Pontus-Sjodin-1024x683.jpg\" data-object-fit=\"cover\" srcset=\"https:\/\/urkult.se\/wp-content\/uploads\/2026\/01\/Pa-vag-till-Volontarcampingen-foto-Pontus-Sjodin-1024x683.jpg 1024w, https:\/\/urkult.se\/wp-content\/uploads\/2026\/01\/Pa-vag-till-Volontarcampingen-foto-Pontus-Sjodin-300x200.jpg 300w, https:\/\/urkult.se\/wp-content\/uploads\/2026\/01\/Pa-vag-till-Volontarcampingen-foto-Pontus-Sjodin-768x512.jpg 768w, https:\/\/urkult.se\/wp-content\/uploads\/2026\/01\/Pa-vag-till-Volontarcampingen-foto-Pontus-Sjodin-18x12.jpg 18w, https:\/\/urkult.se\/wp-content\/uploads\/2026\/01\/Pa-vag-till-Volontarcampingen-foto-Pontus-Sjodin.jpg 1380w\" sizes=\"auto, (max-width: 1024px) 100vw, 1024px\" \/><span aria-hidden=\"true\" class=\"wp-block-cover__background has-background-dim-0 has-background-dim\"><\/span><div class=\"wp-block-cover__inner-container has-global-padding is-layout-constrained wp-block-cover-is-layout-constrained\">\n<p class=\"has-text-align-center has-large-font-size\"><\/p>\n<\/div><div class=\"urkult-cover-credit-overlay\"><span class=\"urkult-cover-caption\">P\u00e5v\u00e4g till volont\u00e4rcampingen.<\/span> <span class=\"urkult-cover-credit\">Foto Pontus Sj\u00f6din.<\/span><\/div><\/div>\n\n\n\n<h2 class=\"wp-block-heading has-text-align-center\">Volont\u00e4rcampingen<\/h2>\n\n\n\n<div class=\"wp-block-columns is-layout-flex wp-container-core-columns-is-layout-7caf77b6 wp-block-columns-is-layout-flex\" style=\"margin-top:var(--wp--preset--spacing--16);margin-bottom:var(--wp--preset--spacing--38)\">\n<div class=\"wp-block-column is-layout-flow wp-block-column-is-layout-flow\">\n<p>Alla volont\u00e4rer f\u00e5r bo gratis p\u00e5 volont\u00e4rcampingen. Endast t\u00e4ltplatser. De volont\u00e4rer som vill bo p\u00e5 n\u00e5gon annan camping bokar och betalar f\u00f6r den sj\u00e4lv.&nbsp;<\/p>\n\n\n\n<p>Volont\u00e4rcampingen \u00e4r vackert bel\u00e4gen vid \u00e4lvstranden, precis nedanf\u00f6r byn. 20 minuters promenad fr\u00e5n festplatsen. Det finns tv\u00e5 promenadstigar till Volont\u00e4rcampingen: K\u00e4rleksstigen samt sp\u00e5ngen f\u00f6rbi h\u00e4llristningsomr\u00e5det. K\u00e4rleksstigen \u00e4r brant och kan bli lerig n\u00e4r det \u00e4r bl\u00f6tt.<\/p>\n\n\n\n<div class=\"wp-block-group is-style-observe-box has-border-color has-global-padding is-layout-constrained wp-container-core-group-is-layout-acbf2b71 wp-block-group-is-layout-constrained\" style=\"border-color:var(--wp--preset--color--red);border-style:solid;border-width:3px;padding-top:12px;padding-right:18px;padding-bottom:18px;padding-left:18px\">\n<h3 class=\"wp-block-heading has-text-align-center has-red-color has-text-color\" style=\"text-transform:uppercase\">Observera<\/h3>\n\n\n\n<p class=\"is-style-specialtext has-calibri-font-family has-default-font-size\">Bilv\u00e4gen som leder till campingen \u00e4r smal och en anv\u00e4nder den p\u00e5 egen risk f\u00f6r att packa av p\u00e5 campingen. Att parkera p\u00e5 campingen \u00e4r inte till\u00e5tet p\u00e5 grund av att den ligger p\u00e5 ett naturbetesomr\u00e5de!<\/p>\n<\/div>\n\n\n\n<p><strong>Boende i milit\u00e4rt\u00e4lt:<\/strong>&nbsp;F\u00f6r de volont\u00e4rer som inte har eller vill ta med eget t\u00e4lt erbjuder Urkult ett begr\u00e4nsat antal sovplatser i v\u00e5ra stora milit\u00e4rt\u00e4lt som rymmer upp till 12 personer i varje t\u00e4lt. H\u00e4r bor volont\u00e4rerna i mixade \u00e5ldrar och k\u00f6n\/genus. Om du \u00f6nskar plats i milit\u00e4rt\u00e4lt anger du detta i ans\u00f6kningsformul\u00e4ret.<\/p>\n<\/div>\n\n\n\n<div class=\"wp-block-column is-layout-flow wp-block-column-is-layout-flow\">\n<p><strong>Faciliteter:<\/strong>&nbsp;Torrdass. Ingen elektricitet. Sopsortering. Dricksvatten fr\u00e5n en tank. N\u00e4ra till byns allm\u00e4nna bastu.&nbsp;M\u00f6jlighet till dusch p\u00e5 badhuset uppe p\u00e5 byn under \u00f6ppettider.&nbsp;En del av campingen \u00e4r nykter!<\/p>\n\n\n\n<p>Naturcamping inneb\u00e4r att det inte finns riktigt samma bekv\u00e4mligheter som p\u00e5 Urkults officiella campingar. \u00c5 andra sidan \u00e4r den v\u00e4ldigt natursk\u00f6n!<\/p>\n\n\n\n<p>Augustikv\u00e4llar och n\u00e4tter i N\u00e4s\u00e5ker kan bli kalla och fuktiga, s\u00e5 ta g\u00e4rna med den d\u00e4r extra stickade tr\u00f6jan, underst\u00e4llet och de varma strumporna.<\/p>\n\n\n\n<p>T\u00e4nk p\u00e5 att \u00e4lven \u00e4r ett nyckfullt v\u00e4sen som b\u00f6r visas st\u00f6rsta respekt! S\u00e4kraste platsen f\u00f6r bad \u00e4r \u201dDortes lagun\u201d bel\u00e4gen vid bastun en bit nedstr\u00f6ms \u00e4lven.<\/p>\n\n\n\n<figure class=\"wp-block-image size-large\"><img loading=\"lazy\" decoding=\"async\" width=\"1024\" height=\"683\" src=\"https:\/\/urkult.se\/wp-content\/uploads\/2026\/01\/Dimma-over-Volontarcampingen-foto-Emelie-Rehn-1024x683.jpg\" alt=\"Dimma \u00f6ver Volont\u00e4rcampingen p\u00e5 festivalen Urkult i N\u00e4s\u00e5ker\" class=\"wp-image-1200\" srcset=\"https:\/\/urkult.se\/wp-content\/uploads\/2026\/01\/Dimma-over-Volontarcampingen-foto-Emelie-Rehn-1024x683.jpg 1024w, https:\/\/urkult.se\/wp-content\/uploads\/2026\/01\/Dimma-over-Volontarcampingen-foto-Emelie-Rehn-300x200.jpg 300w, https:\/\/urkult.se\/wp-content\/uploads\/2026\/01\/Dimma-over-Volontarcampingen-foto-Emelie-Rehn-768x512.jpg 768w, https:\/\/urkult.se\/wp-content\/uploads\/2026\/01\/Dimma-over-Volontarcampingen-foto-Emelie-Rehn-18x12.jpg 18w, https:\/\/urkult.se\/wp-content\/uploads\/2026\/01\/Dimma-over-Volontarcampingen-foto-Emelie-Rehn.jpg 1380w\" sizes=\"auto, (max-width: 1024px) 100vw, 1024px\" \/><figcaption class=\"wp-element-caption\">Dimma \u00f6ver volont\u00e4rcampingen. Foto Emelie Rehn.<\/figcaption><\/figure>\n<\/div>\n<\/div>\n\n\n\n<h3 class=\"wp-block-heading has-text-align-center\" style=\"text-transform:uppercase\">FILM: VOLONT\u00c4RERNA BYGGER FESTIVALEN<\/h3>\n\n\n\n<figure class=\"wp-block-embed is-type-video is-provider-vimeo wp-block-embed-vimeo wp-embed-aspect-16-9 wp-has-aspect-ratio\"><div class=\"wp-block-embed__wrapper\">\n<div class=\"privacy-embed\" data-provider=\"vimeo\" data-embed-url=\"https:\/\/vimeo.com\/1172943155?share=copy&amp;fl=sv&amp;fe=ci\" data-embed-src=\"https:\/\/player.vimeo.com\/video\/1172943155?dnt=1&amp;app_id=122963\">\n\t\t\t<div class=\"privacy-embed__placeholder\">\n\t\t\t\t<img decoding=\"async\" src=\"https:\/\/i.vimeocdn.com\/video\/2132947718-45b4d1b5f8b74f5d3780c34f484e7a9468a85300bb8429672286f98ac1da6816-d_640?region=us\" alt=\"Video miniatyrbild\" class=\"privacy-embed__thumbnail\" loading=\"lazy\">\n\t\t\t\t<div class=\"privacy-embed__overlay\">\n\t\t\t\t\t<button class=\"privacy-embed__play-button\" type=\"button\" aria-label=\"Klicka f\u00f6r att ladda och visa inneh\u00e5ll\">\n\t\t\t\t\t\t<svg width=\"68\" height=\"48\" viewbox=\"0 0 68 48\" xmlns=\"http:\/\/www.w3.org\/2000\/svg\">\n\t\t\t\t\t\t\t<path d=\"M66.52 7.74c-.78-2.93-2.49-5.41-5.42-6.19C55.79.13 34 0 34 0S12.21.13 6.9 1.55c-2.93.78-4.63 3.26-5.42 6.19C.06 13.05 0 24 0 24s.06 10.95 1.48 16.26c.78 2.93 2.49 5.41 5.42 6.19C12.21 47.87 34 48 34 48s21.79-.13 27.1-1.55c2.93-.78 4.64-3.26 5.42-6.19C67.94 34.95 68 24 68 24s-.06-10.95-1.48-16.26z\" fill=\"currentColor\"\/>\n\t\t\t\t\t\t\t<path d=\"M45 24L27 14v20\" fill=\"white\"\/>\n\t\t\t\t\t\t<\/svg>\n\t\t\t\t\t<\/button>\n\t\t\t\t\t<h3 class=\"privacy-embed__message\">Urkult sp\u00e5rar inte v\u00e5ra bes\u00f6kare, men Vimeo g\u00f6r det. F\u00f6r att se det inb\u00e4ddade materialet beh\u00f6ver du godk\u00e4nna tredjepartskakor genom att klicka h\u00e4r.<\/h3>\n\t\t\t\t<\/div>\n\t\t\t<\/div>\n\t\t\t<div class=\"privacy-embed__content privacy-embed__content--hidden\"><\/div>\n\t\t<\/div>\n<\/div><\/figure>\n\n\n\n<p><\/p>","protected":false},"excerpt":{"rendered":"<p>Bli volont\u00e4r p\u00e5 urkult Det \u00e4r tack vare alla eldsj\u00e4lar som festivalen finns och forts\u00e4tter att finnas. Varje \u00e5r jobbar \u00f6ver 600 volont\u00e4rer f\u00f6r att Urkult ska bli verklighet! Att vara volont\u00e4r p\u00e5 Urkult \u00e4r ofta intensivt, sp\u00e4nnande och roligt, du tr\u00e4ffar m\u00e5nga m\u00e4nniskor och kanske rentav uppt\u00e4cker dolda talanger hos dig sj\u00e4lv! Som volont\u00e4r [&hellip;]<\/p>\n","protected":false},"author":3,"featured_media":0,"parent":0,"menu_order":0,"comment_status":"closed","ping_status":"closed","template":"","meta":{"_acf_changed":false,"_kad_blocks_custom_css":"","_kad_blocks_head_custom_js":"","_kad_blocks_body_custom_js":"","_kad_blocks_footer_custom_js":"","footnotes":""},"class_list":["post-1182","page","type-page","status-publish","hentry"],"acf":[],"taxonomy_info":[],"featured_image_src_large":false,"author_info":{"display_name":"Eric","author_link":"https:\/\/urkult.se\/en\/author\/eric\/"},"comment_info":0,"_links":{"self":[{"href":"https:\/\/urkult.se\/en\/wp-json\/wp\/v2\/pages\/1182","targetHints":{"allow":["GET"]}}],"collection":[{"href":"https:\/\/urkult.se\/en\/wp-json\/wp\/v2\/pages"}],"about":[{"href":"https:\/\/urkult.se\/en\/wp-json\/wp\/v2\/types\/page"}],"author":[{"embeddable":true,"href":"https:\/\/urkult.se\/en\/wp-json\/wp\/v2\/users\/3"}],"replies":[{"embeddable":true,"href":"https:\/\/urkult.se\/en\/wp-json\/wp\/v2\/comments?post=1182"}],"version-history":[{"count":27,"href":"https:\/\/urkult.se\/en\/wp-json\/wp\/v2\/pages\/1182\/revisions"}],"predecessor-version":[{"id":1734,"href":"https:\/\/urkult.se\/en\/wp-json\/wp\/v2\/pages\/1182\/revisions\/1734"}],"wp:attachment":[{"href":"https:\/\/urkult.se\/en\/wp-json\/wp\/v2\/media?parent=1182"}],"curies":[{"name":"wp","href":"https:\/\/api.w.org\/{rel}","templated":true}]}}